{"id":1562,"date":"2009-02-02T18:16:16","date_gmt":"2009-02-03T01:16:16","guid":{"rendered":"http:\/\/www.waynakh.com\/tr\/?page_id=1562"},"modified":"2009-02-02T18:19:20","modified_gmt":"2009-02-03T01:19:20","slug":"abdulmecid-tapa-cermoy","status":"publish","type":"page","link":"http:\/\/www.waynakh.com\/tr\/abdulmecid-tapa-cermoy\/","title":{"rendered":"ABDULMEC\u0130D (TAPA) \u00c7ERMOY"},"content":{"rendered":"<p style=\"text-align: justify;\"><a href=\"http:\/\/www.waynakh.com\/tr\/wp-content\/uploads\/2009\/02\/acermoy.jpg\"><img loading=\"lazy\" decoding=\"async\" class=\"alignright size-full wp-image-1563\" style=\"margin: 5px;\" title=\"acermoy\" src=\"http:\/\/www.waynakh.com\/tr\/wp-content\/uploads\/2009\/02\/acermoy.jpg\" alt=\"\" width=\"80\" height=\"100\" \/><\/a>5 Mart 1882&#8217;de \u00c7e\u00e7enistan&#8217;\u0131n Caharkala(Grozni) \u015fehrinde                            d\u00fcnyaya geldi. Babas\u0131 Ortsu \u00c7ermoy Rus ordusunda generaldi.                            Vladikafkas lisesini bitirdikten sonra askeri \u00f6\u011frenimini                            Rusya&#8217;n\u0131n \u00fcnl\u00fc askeri okulu &#8220;Nikolayevskoye Kavaleriysekol                            Noyennol U\u00e7ili\u015f\u00e7e&#8221;de yapt\u0131. \u00c7ar&#8217;\u0131n muhaf\u0131z alay\u0131nda                            bir m\u00fcddet g\u00f6rev yapt\u0131.<\/p>\n<p style=\"text-align: justify;\">Petersburg&#8217;da y\u00fcksek bir sosyete hayat\u0131 ya\u015famas\u0131na ra\u011fmen                      1908&#8217;de ordudan istifa ederek memleketine d\u00f6nd\u00fc, petrol i\u015fleriyle                      u\u011fra\u015fmaya ba\u015flad\u0131. Zekas\u0131 ve te\u015febb\u00fcs kabiliyeti sayesinde                      petrol i\u015flerini ilerletti. Grozni&#8217;de ve b\u00fct\u00fcn Kafkasya&#8217;da                      bug\u00fcnk\u00fc petrol tesisat\u0131n\u0131n esas temellerini atanlardan biri                      oldu.<\/p>\n<p style=\"text-align: justify;\">1917 ihtilalinden sonra Kuzey Kafkasya&#8217;daki devletle\u015fme ve                      ba\u011f\u0131ms\u0131zl\u0131k \u00e7al\u0131\u015fmalar\u0131n\u0131n i\u00e7inde yer ald\u0131. 18 Eyl\u00fcl 1917&#8217;de                      Andi&#8217;de toplanan II. kurultay sonucunda olu\u015fturulan Kuzey                      Kafkasya Milli M\u00fcessesan Meclisi Merkez icra Komitesi Ba\u015fkanl\u0131\u011f\u0131                      g\u00f6revine getirildi.<\/p>\n<p style=\"text-align: justify;\">11 May\u0131s 1918 tarihinde ilan edilen &#8220;Kuzey Kafkasya Cumhuriyeti&#8221;nin                      ilk Cumhurba\u015fkan\u0131 oldu.<\/p>\n<p style=\"text-align: justify;\">8 Haziran 1918&#8217;de Osmanl\u0131 H\u00fck\u00fcmeti ile Dostluk ve i\u015fbirli\u011fi                      Anla\u015fmas\u0131 imzalayan heyette yer ald\u0131.<\/p>\n<p style=\"text-align: justify;\">10 Aral\u0131k 1918 g\u00fcn\u00fc Terek Kazaklar\u0131 ile Kuzey Kafkasya H\u00fck\u00fcmeti                      aras\u0131nda Terek Kazaklar\u0131n\u0131n Kuzey Kafkasya birli\u011fine dahil                      olduklar\u0131na dair imzalanan anla\u015fmaya h\u00fck\u00fcmet ad\u0131na imza koyanlar                      aras\u0131nda bulunarak Kazaklarla kanl\u0131 m\u00fccadeleleri milli menfaata                      uygun tarzda sonu\u00e7land\u0131rma ba\u015far\u0131s\u0131nda b\u00fcy\u00fck pay sahibi oldu.<\/p>\n<p style=\"text-align: justify;\">Paris Bar\u0131\u015f Konferas\u0131&#8217;na kat\u0131lmak \u00fczere 1919 bahar\u0131nda Fransa&#8217;ya                      giden sab\u0131k Kuzey Kafkasya Cumhuriyeti ba\u015fkan\u0131 Abd\u00fclmecid                      \u00c7ermoy bir daha \u00fclkesini g\u00f6remedi.<\/p>\n<p style=\"text-align: justify;\">28 A\u011fustos 1937&#8217;de Lozan&#8217;da (isvi\u00e7re) vefat etti.<\/p>\n","protected":false},"excerpt":{"rendered":"<p>5 Mart 1882&#8217;de \u00c7e\u00e7enistan&#8217;\u0131n Caharkala(Grozni) \u015fehrinde                            d\u00fcnyaya geldi. &#8230;<\/p>\n","protected":false},"author":1,"featured_media":0,"parent":0,"menu_order":0,"comment_status":"open","ping_status":"open","template":"","meta":{"ngg_post_thumbnail":0,"footnotes":""},"_links":{"self":[{"href":"http:\/\/www.waynakh.com\/tr\/wp-json\/wp\/v2\/pages\/1562"}],"collection":[{"href":"http:\/\/www.waynakh.com\/tr\/wp-json\/wp\/v2\/pages"}],"about":[{"href":"http:\/\/www.waynakh.com\/tr\/wp-json\/wp\/v2\/types\/page"}],"author":[{"embeddable":true,"href":"http:\/\/www.waynakh.com\/tr\/wp-json\/wp\/v2\/users\/1"}],"replies":[{"embeddable":true,"href":"http:\/\/www.waynakh.com\/tr\/wp-json\/wp\/v2\/comments?post=1562"}],"version-history":[{"count":2,"href":"http:\/\/www.waynakh.com\/tr\/wp-json\/wp\/v2\/pages\/1562\/revisions"}],"predecessor-version":[{"id":1570,"href":"http:\/\/www.waynakh.com\/tr\/wp-json\/wp\/v2\/pages\/1562\/revisions\/1570"}],"wp:attachment":[{"href":"http:\/\/www.waynakh.com\/tr\/wp-json\/wp\/v2\/media?parent=1562"}],"curies":[{"name":"wp","href":"https:\/\/api.w.org\/{rel}","templated":true}]}}