{"id":7323,"date":"2010-03-07T22:28:43","date_gmt":"2010-03-07T20:28:43","guid":{"rendered":"http:\/\/www.waynakh.com\/tr\/?page_id=7323"},"modified":"2010-03-07T22:46:55","modified_gmt":"2010-03-07T20:46:55","slug":"mohammed-mousa-adel-shashani","status":"publish","type":"page","link":"http:\/\/www.waynakh.com\/tr\/mohammed-mousa-adel-shashani\/","title":{"rendered":"Mohammed Mousa Adel Shashani"},"content":{"rendered":"<p style=\"text-align: justify;\"><a href=\"http:\/\/www.waynakh.com\/tr\/wp-content\/uploads\/2010\/03\/m_shashani1.jpg\"><img loading=\"lazy\" decoding=\"async\" class=\"alignleft size-thumbnail wp-image-7326\" title=\"m_shashani1\" src=\"http:\/\/www.waynakh.com\/tr\/wp-content\/uploads\/2010\/03\/m_shashani1-150x150.jpg\" alt=\"\" width=\"150\" height=\"150\" \/><\/a>\u00dcrd\u00fcn vatanda\u015f\u0131 olan \u00c7e\u00e7en Profes\u00f6r Mohammed Mousa Adel Shashani evli ve halen \u00dcrd\u00fcn&#8217;de ikamet ediyor.<\/p>\n<p><!--more--><\/p>\n<p style=\"text-align: justify;\"><span style=\"text-decoration: underline;\"><strong>E\u011e\u0130T\u0130M\u0130:<\/strong><\/span><\/p>\n<p style=\"text-align: justify;\">Lisans E\u011fitimi: Elektrik M\u00fchendisli\u011fi, Eyl\u00fcl 1972, Illinois \u00dcniversitesi, Chicago, IL.<br \/>\nMaster: Pedagoji, Haziran1977, Chicago Devlet \u00dcniversitesi, Chicago, IL.<br \/>\nMaster: Elektrik M\u00fchendisli\u011fi, A\u011fustos 1980, Southern Illinois \u00dcniversitesi, Carbondale, IL.<br \/>\nDoktora: Elektrik M\u00fchendisli\u011fi, Aral\u0131k 1982, Missouri \u00dcniversitesi, Columbia, MO.<br \/>\nMaster: Kamu Y\u00f6netimi, Aral\u0131k 1989, Missouri-Kansas \u015eehir \u00dcniversitesi, MO.<\/p>\n<p style=\"text-align: justify;\"><span style=\"text-decoration: underline;\"><strong>DENEY\u0130M\u0130:<\/strong><\/span><\/p>\n<p style=\"text-align: justify;\"><strong>Eyl\u00fcl 2008&#8217;den Bug\u00fcne:<\/strong> Emekli oldu ve \u00dcrd\u00fcn&#8217;\u00fcn ba\u015fkenti Amman&#8217;daki Princess Sumaya Teknoloji \u00dcniversitesi&#8217;nde yar\u0131 zamanl\u0131 \u00f6\u011fretim g\u00f6revlisi olarak \u00e7al\u0131\u015fmaya ba\u015flad\u0131.<br \/>\n<strong>Eyl\u00fcl 2006 \u2013 <\/strong><strong>Eyl\u00fcl<\/strong><strong> 2008:<\/strong> \u00dcrd\u00fcn&#8217;\u00fcn ba\u015fkenti Amman&#8217;daki Princess Sumaya Teknoloji \u00dcniversitesi&#8217;nin \u201cKral II.Abdallah Elektrik M\u00fchendisli\u011fi Okulu\u201dnda Dekanl\u0131k yapt\u0131.<br \/>\n<strong>Eyl\u00fcl<\/strong><strong> 2004 \u2013 <\/strong><strong>Eyl\u00fcl<\/strong><strong> 2006:<\/strong> \u00dcrd\u00fcn&#8217;\u00fcn ba\u015fkenti Amman&#8217;daki Princess Sumaya Teknoloji \u00dcniversitesi&#8217;nde \u00d6\u011frenci \u0130\u015fleri Dekan\u0131 olarak g\u00f6rev yapt\u0131.<br \/>\n<strong>Eyl\u00fcl 2001 \u2013 Eyl\u00fcl 2003:<\/strong> \u00dcrd\u00fcn&#8217;\u00fcn ba\u015fkenti Amman&#8217;daki Princess Sumaya Teknoloji \u00dcniversitesi&#8217;nde &#8220;Elektronik ve Bilgisayar M\u00fchendisli\u011fi Departman\u0131&#8221;nda Ba\u015fkanl\u0131k yapt\u0131.<br \/>\n<strong>Eyl\u00fcl 1998 \u2013 Eyl\u00fcl 2001:<\/strong> \u00dcrd\u00fcn&#8217;\u00fcn ba\u015fkenti Amman&#8217;daki Princess Sumaya Teknoloji \u00dcniversitesi&#8217;nde Elektrik M\u00fchendisi Do\u00e7ent Doktor olarak g\u00f6rev yapt\u0131.<br \/>\n<strong>Mart 1993 \u2013 Eyl\u00fcl 1998:<\/strong> New Kensington, Pa. 15068, Pennsylvania Devlet \u00dcniversitesi, Elektrik M\u00fchendisli\u011fi D\u00f6rt Y\u0131ll\u0131k Fak\u00fclte Program\u0131&#8217;n\u0131n Y\u00f6neticisi ve Do\u00e7ent Doktor.<br \/>\n<strong>A\u011fustos 1989 \u2013 Aral\u0131k 1991:<\/strong> MO. 65201, &#8220;Missouri-Columbia \u00dcniversitesi&#8221; Elektrik &amp; Bilgisayar M\u00fchendisli\u011fi B\u00f6l\u00fcm\u00fc Do\u00e7ent Doktor.<br \/>\n<strong>A\u011fustos 1987 \u2013 A\u011fustos. 1988:<\/strong> &#8220;Missouri-Columbia \u00dcniversitesi, Truman Kamp\u00fcs\u00fc&#8221;, Independence, MO, Elektrik &amp; Bilgisayar M\u00fchendisli\u011fi B\u00f6l\u00fcm\u00fc Do\u00e7ent Doktor.<br \/>\n<strong>Eyl\u00fcl 1983 \u2013 A\u011fustos 1987:<\/strong> \u00dcrd\u00fcn, Amman, &#8220;\u00dcrd\u00fcn \u00dcniversitesi, Elektrik M\u00fchendisli\u011fi B\u00f6l\u00fcm\u00fc, Do\u00e7ent Doktor.<br \/>\n<strong>A\u011fustos 1980 \u2013 A\u011fustos 1983:<\/strong> &#8220;Missouri-Columbia \u00dcniversitesi&#8221;, Mo, Elektrik &amp; Bilgisayar M\u00fchendisli\u011fi B\u00f6l\u00fcm\u00fc, \u00d6\u011fretim G\u00f6revlisi.<br \/>\n<strong>Haziran 1979 \u2013 A\u011fustos 1980:<\/strong> &#8220;Southern Illinois \u00dcniversitesi&#8221;-Carbondale, IL, Ara\u015ft\u0131rma G\u00f6revlisi.<br \/>\n<strong>Mart 1973 \u2013 Eyl\u00fcl 1978:<\/strong> Chicago Milli E\u011fitim Bakanl\u0131\u011f\u0131, Chicago, Illinois, Chicago Meslek Y\u00fcksek Okulu&#8217;nda Elektrik \u00d6\u011fretmeni.<br \/>\n<strong>A\u011fustos 1968 \u2013 Ocak 1971:<\/strong> Melrose Park, IL., &#8220;Zenith Radio Corp.&#8217;nun Rauland B\u00f6l\u00fcm\u00fc\u201dnde \u00dcretim M\u00fchendisi. \u00dcretim i\u015fiyle ba\u011flant\u0131l\u0131 kalite kontrol, \u00fcretim ve y\u00f6netim konular\u0131n\u0131n g\u00f6r\u00fc\u015f\u00fclmesi ve \u00fcretim m\u00fchendisli\u011fi personelinin geli\u015fimi. On uzman\u0131 denetleme ve \u00fcretim m\u00fchendisli\u011fi y\u00f6netimine g\u00fcnl\u00fck raporlar yazma.<br \/>\n<strong>Ekim 1966 \u2013 Haziran 1968:<\/strong> Melrose Park, IL., &#8220;Zenith Radio Corp.&#8217;nun Rauland B\u00f6l\u00fcm\u00fc\u201dnde Elektrik Teknisyeni.<\/p>\n<p style=\"text-align: justify;\"><span style=\"text-decoration: underline;\"><strong>\u015eEREF N\u0130\u015eANELER\u0130 VE \u00d6D\u00dcLLER\u0130:<\/strong><\/span><\/p>\n<p style=\"text-align: justify;\">A\u011fustos 1980 &#8211; May\u0131s 1981 aras\u0131nda Y\u00fcksek Lisans \u00d6\u011frencileri \u0130\u00e7in \u201cUnion Electric Co.\u201d Ara\u015ft\u0131rma Bursu&#8217;nu ald\u0131. Missouri-Columbia \u00dcniversitesi&#8217;nin Elektrik M\u00fchendisli\u011fi B\u00f6l\u00fcm\u00fc&#8217;nde 1981-1982 akademik y\u0131l\u0131 i\u00e7in Se\u00e7kin Y\u00fcksek Lisan \u00d6\u011fretmeni se\u00e7ildi .<\/p>\n<p style=\"text-align: justify;\"><span style=\"text-decoration: underline;\"><strong>PROFESYONEL ORGAN\u0130ZASYONLARDAK\u0130 \u00dcYEL\u0130KLER\u0130:<\/strong><\/span><\/p>\n<p style=\"text-align: justify;\">IEEE\u2019nin End\u00fcstriyel Uygulamalar Toplulu\u011fu \u00dcyesi Society, G\u00fc\u00e7 Elektri\u011fi Kul\u00fcb\u00fc ve M\u00fchendislik E\u011fitimi i\u00e7in Amerikan Kul\u00fcb\u00fc \u00fcyesi.<br \/>\nElektrik M\u00fchendisli\u011fi Onursal Toplulu\u011fu (ETA KAPPA NU) \u00fcyesi.<br \/>\nKamu \u0130\u015fleri ve Y\u00f6netimi Onursal Toplulu\u011fu \u00dcyesi \u201cPi Alpha Alpha\u201d \u03a0AA.<\/p>\n<p style=\"text-align: justify;\"><strong><span style=\"text-decoration: underline;\">TEZ KONULARI:<\/span><br \/>\n<\/strong><\/p>\n<p style=\"text-align: justify;\">Master Tezi: &#8220;R\u00fczgar T\u00fcrbininin Alternat\u00f6r\u00fc i\u00e7in Y\u0131ld\u0131r\u0131mdan Koruma Tedbiri&#8221;<br \/>\nDoktora Derecesi Tezi: &#8220;Statik VAR Kompanzasyonunda Harmonik Azalt\u0131m Kullan\u0131larak Konta\u011f\u0131n Kapat\u0131lmas\u0131&#8221;.<\/p>\n<p style=\"text-align: justify;\"><span style=\"text-decoration: underline;\"><strong>\u00c7E\u00c7ENYA \u0130LE \u0130LG\u0130L\u0130 ORGAN\u0130ZASYONLARDAK\u0130 G\u00d6REVLER\u0130:<\/strong><\/span><\/p>\n<p style=\"text-align: justify;\">1993&#8217;den 1998&#8217;e kadar Amerika \u00c7e\u00e7en \u0130ngu\u015f Derne\u011fi&#8217;nde Ba\u015fkanl\u0131k. Chechen Ingush Society of America\u201d from 1993 to 1998.<br \/>\n1995&#8217;den 2001&#8217;e kadar &#8220;Uluslararas\u0131 \u00c7e\u00e7en Organizasyonlar\u0131 Kongresi&#8221;nin Ba\u015fkan\u0131.<br \/>\nEkim 2001&#8217;den Kas\u0131m 2002&#8217;ye kadar &#8220;D\u00fcnya \u00c7e\u00e7en Kongresi&#8221;nin Ba\u015fkan\u0131.<br \/>\nKas\u0131m 2002&#8217;den bug\u00fcne, &#8220;D\u00fcnya \u00c7e\u00e7en Kongresi&#8221;nin Ba\u015fkan Yard\u0131ms\u0131c\u0131.<\/p>\n<p style=\"text-align: justify;\"><span style=\"text-decoration: underline;\"><strong>\u00c7E\u00c7ENYA \u0130LE \u0130LG\u0130L\u0130 \u00c7ALI\u015eMALARI:<\/strong><\/span><\/p>\n<p style=\"text-align: justify;\">1. ABD Helsinki, Avrupa&#8217;da G\u00fcvenlik ve \u0130\u015fbirli\u011fi Komisyonu (CSCE) taraf\u0131ndan 19 Ocak 1995 tarihinde d\u00fczenlenen Kongre&#8217;deki kapal\u0131 oturumda \u00c7e\u00e7en meselesi konusunda bir uzman olarak g\u00f6r\u00fc\u015f\u00fcne ba\u015fvuruldu.<br \/>\n2. 1995 y\u0131l\u0131nda Washington D.C.&#8217;de &#8220;Uluslararas\u0131 ve Stratejik Ara\u015ft\u0131rmalar Merkezi&#8221; (CSIS)&#8217;nde \u00c7e\u00e7enya konulu konferans verdi.<br \/>\n3. Washington D.C.&#8217;de Carnegie Uluslararas\u0131 Bar\u0131\u015f Vakf\u0131&#8217;ndaki \u00c7e\u00e7enya&#8217;daki sava\u015f konulu panelde konu\u015fmas\u0131 olarak yer ald\u0131.<br \/>\n4. Washington D.C.&#8217;de 1995 y\u0131l\u0131nda &#8220;Ge\u00e7mi\u015ften Kalan Miras Vakf\u0131&#8221;nda \u00c7e\u00e7enya&#8217;daki sava\u015f konulu bir konu\u015fma yapt\u0131.<br \/>\n5. \u00c7e\u00e7enya&#8217;daki sava\u015fla ilgili olarak ABD, Kanada, Polonya, Litvanya, T\u00fcrkiye, Azerbaycan, Kazakistan, Danimarka, Bek\u00e7ika, \u0130ngiltere ve G\u00fcney Afrika&#8217;da 50&#8217;nin \u00fczerinde \u00fcniversitede ve \u0130slami merkezde (Do\u011fu ABD&#8217;da Harvard, Brown, George Washington ve Syracuse \u00dcniversiteleri; Kuzey ABD&#8217;da Minnesota \u00dcniversitesi;\u00a0 G\u00fcney ABD&#8217;de Georgia Tech. ve Bat\u0131 ABD&#8217;de California \u00dcniversitesi ve San Diego \u00dcniversitesi; Orta Bat\u0131 ABD&#8217;de Pittsburgh ve Pennsylvania Devlet \u00dcniversitleri; Kuzey Amerika \u0130slam Toplulu\u011fu; Toronto \u0130slami Merkez; Kanada, Ottawa, Uluslararas\u0131 \u0130nsani Kayg\u0131; Columbus, Ohio \u0130slami Merkez; Kanada, Montreal \u0130slami Merkez; Pittsburgh, Pa. \u0130slami Merkez) konferanslar verdi.<br \/>\n6. T\u00fcrkiye, \u00dcrd\u00fcn, Litvanya, Polonya, Danimarka, Kanada ve ABD&#8217;de \u00c7e\u00e7enya&#8217;daki sava\u015f ile ilgili onlarca konferansa kat\u0131ld\u0131 ve bas\u0131na r\u00f6portajlar verdi.<br \/>\n7. Danimarka&#8217;n\u0131n Kopenhag kentinde 28-29 Ekim 2002 tarihlerinde toplanan, \u00c7e\u00e7enya&#8217;da sava\u015f\u0131n sona ermesi i\u00e7in bar\u0131\u015f\u00e7\u0131l yollar\u0131n arand\u0131\u011f\u0131 &#8220;D\u00fcnya \u00c7e\u00e7en Kongresi&#8221;ne ba\u015fkanl\u0131k etti.<br \/>\n8. &#8220;Avrupa Parlamentosu Delegeleri&#8221;, &#8220;Flamanya Pax Christi&#8221; ve &#8220;D\u00fcnya \u00c7e\u00e7en Kongresi&#8221; taraf\u0131ndan Bel\u00e7ika&#8217;n\u0131n Antwerp kentinde 11-12 Aral\u0131k 2003 tarihlerinde \u00c7e\u00e7enya&#8217;daki sava\u015fa bar\u0131\u015f\u00e7\u0131l bir \u00e7\u00f6z\u00fcm\u00fcn arand\u0131\u011f\u0131 ortak konferans\u0131n e\u015f ba\u015fkanl\u0131\u011f\u0131n\u0131 yapt\u0131.<br \/>\n9. Londra \u00dcniversitesi&#8217;nin Do\u011fu ve Afrika Ara\u015ft\u0131rmalar\u0131 Okulu&#8217;ndaki Bruneri Galerisi&#8217;nde 25 Kas\u0131m 2005 tarihinde &#8220;Maskhadov&#8217;dan Sonra \u00c7e\u00e7enya&#8221; ba\u015fl\u0131kl\u0131 konferansta bir sunum yapt\u0131.<br \/>\n10. Avrupa Parlamentosu&#8217;nun Br\u00fcksel&#8217;deki binas\u0131nda Avrupa Parlamentosu Ye\u015filler-EFA Partisi ve D\u00fcnya \u00c7e\u00e7en Kongresi taraf\u0131ndan 8 Aral\u0131k 2005 tarihinde organize edilen &#8220;Kafkasya&#8217;da \u015eiddeti Durdurmak ve Adaleti Sa\u011flamak&#8221; konulu konferansta sunum yapt\u0131.<\/p>\n","protected":false},"excerpt":{"rendered":"<p>\u00dcrd\u00fcn vatanda\u015f\u0131 olan \u00c7e\u00e7en Profes\u00f6r Mohammed Mousa Adel Shashani evli ve halen \u00dcrd\u00fcn&#8217;de ikamet ediyor.<\/p>\n","protected":false},"author":3,"featured_media":0,"parent":0,"menu_order":0,"comment_status":"open","ping_status":"open","template":"","meta":{"ngg_post_thumbnail":0,"footnotes":""},"_links":{"self":[{"href":"http:\/\/www.waynakh.com\/tr\/wp-json\/wp\/v2\/pages\/7323"}],"collection":[{"href":"http:\/\/www.waynakh.com\/tr\/wp-json\/wp\/v2\/pages"}],"about":[{"href":"http:\/\/www.waynakh.com\/tr\/wp-json\/wp\/v2\/types\/page"}],"author":[{"embeddable":true,"href":"http:\/\/www.waynakh.com\/tr\/wp-json\/wp\/v2\/users\/3"}],"replies":[{"embeddable":true,"href":"http:\/\/www.waynakh.com\/tr\/wp-json\/wp\/v2\/comments?post=7323"}],"version-history":[{"count":9,"href":"http:\/\/www.waynakh.com\/tr\/wp-json\/wp\/v2\/pages\/7323\/revisions"}],"predecessor-version":[{"id":7329,"href":"http:\/\/www.waynakh.com\/tr\/wp-json\/wp\/v2\/pages\/7323\/revisions\/7329"}],"wp:attachment":[{"href":"http:\/\/www.waynakh.com\/tr\/wp-json\/wp\/v2\/media?parent=7323"}],"curies":[{"name":"wp","href":"https:\/\/api.w.org\/{rel}","templated":true}]}}