{"id":918,"date":"2008-12-09T14:37:10","date_gmt":"2008-12-09T12:37:10","guid":{"rendered":"http:\/\/www.zelimhan.com\/?page_id=2825"},"modified":"2009-01-27T15:41:11","modified_gmt":"2009-01-27T22:41:11","slug":"salman-raduyev-yalnizkurt","status":"publish","type":"page","link":"http:\/\/www.waynakh.com\/tr\/salman-raduyev-yalnizkurt\/","title":{"rendered":"SALMAN RADUYEV (YALNIZKURT)"},"content":{"rendered":"<p style=\"text-align: justify;\"><img loading=\"lazy\" decoding=\"async\" class=\"alignright size-full wp-image-2826\" title=\"raduyev\" src=\"http:\/\/www.waynakh.com\/tr\/wp-content\/uploads\/2008\/12\/raduyev.jpg\" alt=\"\" width=\"80\" height=\"100\" \/>\u00c7e\u00e7en komutan Salman Raduyev nam-\u0131 di\u011fer Yaln\u0131z Kurt esir tutuldu\u011fu Rusya&#8217;n\u0131n Perm b\u00f6lgesindeki cezaevinde \u015fehid oldu.<\/p>\n<p style=\"text-align: justify;\">O, b\u00fcy\u00fck bir sava\u015f\u00e7\u0131 ger\u00e7ek bir kahramand\u0131. \u0130nan\u00e7lar\u0131 do\u011frultusunda vatan\u0131 i\u00e7in sava\u015ft\u0131 ve bu u\u011furda \u015fehid oldu.<\/p>\n<p style=\"text-align: justify;\">O&#8217;nu bir sava\u015f esiri olarak kabul etmeyip s\u0131radan bir ter\u00f6r su\u00e7lusuymu\u015f gibi g\u00f6renler, \u00f6l\u00fcm\u00fcnden birinci derecede sorumludurlar. Allah rahmet eylesin.<\/p>\n<p style=\"text-align: justify;\">Birinci Rus-\u00c7e\u00e7en sava\u015f\u0131n\u0131n \u00c7e\u00e7enlere kazand\u0131rd\u0131\u011f\u0131 komutanlar\u0131n \u00f6nde gelenlerinden biri Salman Raduyev&#8217;di.<\/p>\n<p style=\"text-align: justify;\">Raduyev, K\u0131z\u0131lyar bask\u0131n\u0131 ve Pervomayskoye m\u00fccadelesiyle tan\u0131nd\u0131. Raduyev, \u00c7e\u00e7enistan Gudermes Belediye Ba\u015fkanl\u0131\u011f\u0131 g\u00f6revinde de bulundu.<\/p>\n<p style=\"text-align: justify;\"><img loading=\"lazy\" decoding=\"async\" class=\"alignleft size-full wp-image-2827\" title=\"raduyev1\" src=\"http:\/\/www.waynakh.com\/tr\/wp-content\/uploads\/2008\/12\/raduyev1.jpg\" alt=\"\" width=\"290\" height=\"220\" \/>Salman Raduyev, \u00c7e\u00e7enlerin ba\u011f\u0131ms\u0131zl\u0131g\u0131n\u0131 ilan eden ve 1994-1996 daki sava\u015fta \u015fehid olan liderleri Cahar Dudayev&#8217;in de damad\u0131yd\u0131.<\/p>\n<p style=\"text-align: justify;\">Ruslar\u2019\u0131n kalbine korku salan komutanlardan Salman Raduyev\u2019in esir d\u00fc\u015ft\u00fckten sonra Rus mahkemesi taraf\u0131ndan \u00f6m\u00fcr boyu hapse mahkum edilmesine ra\u011fmen, yapt\u0131\u011f\u0131 \u015fu konu\u015fma unutulmad\u0131:<\/p>\n<p style=\"text-align: justify;\"><strong><em>\u201cKendi vatan\u0131m\u0131 savundum. Biz Ruslar\u2019\u0131 \u00e7a\u011f\u0131rmad\u0131k. Onlar gelip bizim vatan\u0131m\u0131z\u0131 i\u015fgal ettiler. Biz sava\u015f\u0131 istemedik, onlar gelip bizimle sava\u015fmak istedi. Ruslar, askerlerimizle sava\u015fmak yerine \u00e7ocuk, kad\u0131n ve ya\u015fl\u0131 insanlar\u0131 \u00f6ld\u00fcrd\u00fc. Sizin, benim hakk\u0131mdaki h\u00fckm\u00fcn\u00fcz ceza de\u011fil, m\u00fckafatt\u0131r. Allah\u2019\u0131n bana verdi\u011fi \u00f6mr\u00fc, O\u2019nun yolunda ve kendi vatan\u0131ma harcad\u0131m. Her \u015fey, Allah\u2019\u0131n elinde. O istedi\u011fi zaman ben buradan \u00e7\u0131kar\u0131m. Ben, \u00f6nce Allah\u2019\u0131n, sonra komutan\u0131m Cahar Dudayev\u2019in askeriyim. Sava\u015ft\u0131\u011f\u0131m i\u00e7in asla pi\u015fman de\u011filim.\u201d<\/em><\/strong><\/p>\n","protected":false},"excerpt":{"rendered":"<p>\u00c7e\u00e7en komutan Salman Raduyev nam-\u0131 di\u011fer Yaln\u0131z Kurt esir tutuldu\u011fu Rusya&#8217;n\u0131n Perm b\u00f6lgesindeki cezaevinde \u015fehid oldu.<br \/>\nO, b\u00fcy\u00fck bir sava\u015f\u00e7\u0131 ger\u00e7ek bir kahramand\u0131. \u0130nan\u00e7lar\u0131 do\u011frultusunda vatan\u0131 i\u00e7in sava\u015ft\u0131 ve bu u\u011furda \u015fehid oldu.<br \/>\nO&#8217;nu bir sava\u015f esiri &#8230;<\/p>\n","protected":false},"author":1,"featured_media":0,"parent":0,"menu_order":0,"comment_status":"closed","ping_status":"open","template":"","meta":{"ngg_post_thumbnail":0,"footnotes":""},"_links":{"self":[{"href":"http:\/\/www.waynakh.com\/tr\/wp-json\/wp\/v2\/pages\/918"}],"collection":[{"href":"http:\/\/www.waynakh.com\/tr\/wp-json\/wp\/v2\/pages"}],"about":[{"href":"http:\/\/www.waynakh.com\/tr\/wp-json\/wp\/v2\/types\/page"}],"author":[{"embeddable":true,"href":"http:\/\/www.waynakh.com\/tr\/wp-json\/wp\/v2\/users\/1"}],"replies":[{"embeddable":true,"href":"http:\/\/www.waynakh.com\/tr\/wp-json\/wp\/v2\/comments?post=918"}],"version-history":[{"count":2,"href":"http:\/\/www.waynakh.com\/tr\/wp-json\/wp\/v2\/pages\/918\/revisions"}],"predecessor-version":[{"id":1222,"href":"http:\/\/www.waynakh.com\/tr\/wp-json\/wp\/v2\/pages\/918\/revisions\/1222"}],"wp:attachment":[{"href":"http:\/\/www.waynakh.com\/tr\/wp-json\/wp\/v2\/media?parent=918"}],"curies":[{"name":"wp","href":"https:\/\/api.w.org\/{rel}","templated":true}]}}